{"id":2515,"date":"2019-04-30T16:07:30","date_gmt":"2019-04-30T16:07:30","guid":{"rendered":"https:\/\/kellertheater-lindenhof.ch\/content\/?page_id=2515"},"modified":"2026-08-30T23:43:00","modified_gmt":"2026-08-30T23:43:00","slug":"aktuelles-programm","status":"publish","type":"page","link":"https:\/\/kellertheater-lindenhof.ch\/content\/?page_id=2515","title":{"rendered":"Aktuelles Programm"},"content":{"rendered":"\n<ul class=\"wp-block-list\">\n<li>Die Pl\u00e4tz sind nummeriert und werden nach dem Reservationseingang zugeteilt.<\/li>\n\n\n\n<li>Die G\u00e4ste mit Abos sitzen immer am gleichen Platz im vorderen Bereich.&nbsp;&nbsp;<\/li>\n\n\n\n<li>Die T\u00fcr\u00f6ffnung ist um 19.15 Uhr und die Vorstellung beginnt um 20.00 Uhr<\/li>\n\n\n\n<li>Sehr gerne bedienen wir Sie vor und nach der Vorstellung an der Bar.<\/li>\n\n\n\n<li>Die Preise sind f\u00fcr Erwachsene in der Regel CHF 35.- und f\u00fcr Studierende und Sch\u00fclerinnen und Sch\u00fcler CHF 25.-<\/li>\n<\/ul>\n\n\n\n<h2 class=\"wp-block-heading\"><\/h2>\n\n\n\n<p><em><strong><div class=\"em em-view-container\" id=\"em-view-1479609031\" data-view=\"list\">\r\n\t<div class=\"em-list em-events-list\" id=\"em-events-list-1479609031\" data-view-id=\"1479609031\">\r\n\t11.09.2026 ab 20:00 &#8211; <a href=\"https:\/\/kellertheater-lindenhof.ch\/content\/?event=freitag-muesluem-helfetisch\">Freitag: M\u00fcsl\u00fcm, Helfetisch<\/a> <\/strong><a href=\"https:\/\/kellertheater-lindenhof.ch\/content\/?event=freitag-muesluem-helfetisch\" style=\"float: right; padding-left: 10px; padding-bottom: 10px;\"><img loading=\"lazy\" decoding=\"async\" width=\"150\" height=\"150\" src=\"https:\/\/kellertheater-lindenhof.ch\/content\/wp-content\/uploads\/2026\/03\/muesluem-150x150.jpg\" class=\"attachment-150x150 size-150x150 wp-post-image\" alt=\"Freitag: M\u00fcsl\u00fcm, Helfetisch\" \/><\/a><br><p>Guete Morgen Schweiz, heute geht eine neue Sonne auf! Im Osten, versteht sich. Sie bescheint das Relief der H\u00fcgel und Berge und es glitzern die Autobahnen in den T\u00e4lern. Die Postautos bringen Liebesbriefe, die Steuerverwaltung hat frei und in der Kehrichtverbrennung verrauchen die b\u00f6sen Gedanken emissionslos. Wer h\u00e4tte das gedacht \u2014 die Schweiz, das beste [&#8230;]<\/p>\n<p><\/em><a href=\"https:\/\/kellertheater-lindenhof.ch\/content\/?event=freitag-muesluem-helfetisch\">[Mehr erfahren | Buchen]<\/a>\n<p><em><strong>09.10.2026 ab 20:00 &#8211; <a href=\"https:\/\/kellertheater-lindenhof.ch\/content\/?event=freitag-das-kellerquiz-geht-in-die-naechste-runde\">Freitag: Das Kellerquiz geht in die n\u00e4chste Runde!<\/a> <\/strong><a href=\"https:\/\/kellertheater-lindenhof.ch\/content\/?event=freitag-das-kellerquiz-geht-in-die-naechste-runde\" style=\"float: right; padding-left: 10px; padding-bottom: 10px;\"><img loading=\"lazy\" decoding=\"async\" width=\"150\" height=\"150\" src=\"https:\/\/kellertheater-lindenhof.ch\/content\/wp-content\/uploads\/2026\/08\/quizabend-150x150.png\" class=\"attachment-150x150 size-150x150 wp-post-image\" alt=\"Freitag: Das Kellerquiz geht in die n\u00e4chste Runde!\" \/><\/a><br><p>Das Kellertheater wird wieder zur Quiz-Arena! Am Freitag, 9. Oktober 2026 erwartet euch ein unterhaltsamer Quizabend im Stil eines klassischen Pubquiz \u2013 mit kniffligen Fragen, \u00fcberraschenden Fakten und jeder Menge Gelegenheit, euer Wissen unter Beweis zu stellen.<\/p>\n<p><\/em><a href=\"https:\/\/kellertheater-lindenhof.ch\/content\/?event=freitag-das-kellerquiz-geht-in-die-naechste-runde\">[Mehr erfahren | Buchen]<\/a>\n<p><em><strong>16.10.2026 ab 20:00 &#8211; <a href=\"https:\/\/kellertheater-lindenhof.ch\/content\/?event=freitag-esther-hasler-7-auf-einen-streich\">Freitag: Esther Hasler - 7 auf einen Streich!<\/a> <\/strong><a href=\"https:\/\/kellertheater-lindenhof.ch\/content\/?event=freitag-esther-hasler-7-auf-einen-streich\" style=\"float: right; padding-left: 10px; padding-bottom: 10px;\"><img loading=\"lazy\" decoding=\"async\" width=\"150\" height=\"150\" src=\"https:\/\/kellertheater-lindenhof.ch\/content\/wp-content\/uploads\/2026\/03\/esther-hasler-150x150.jpg\" class=\"attachment-150x150 size-150x150 wp-post-image\" alt=\"Freitag: Esther Hasler - 7 auf einen Streich!\" \/><\/a><br><p>Das 7. Solost\u00fcck von und mit Esther Hasler Fliegen f\u00fcr den Frieden. \u00dcber den R\u00f6stigraben und um die ganze Welt. Ein funkelndes Feuerwerk voller Pianopoesie. Sophie philosophiert, Marie-Chantal findet die Liebe und der Bio-Zuchtlachs sein Gl\u00fcck. Es ist nie zu sp\u00e4t zum Tr\u00e4umen. Lassen Sie sich \u00fcberraschen. Bet\u00f6rendes Klavierkabarett, frech und schwarzhumorig. Eine Hommage an [&#8230;]<\/p>\n<p><\/em><a href=\"https:\/\/kellertheater-lindenhof.ch\/content\/?event=freitag-esther-hasler-7-auf-einen-streich\">[Mehr erfahren | Buchen]<\/a>\n<p><em><strong>31.10.2026 ab 20:00 &#8211; <a href=\"https:\/\/kellertheater-lindenhof.ch\/content\/?event=samstag-benedikt-meyer-plusquamperfekt-kurioses-von-vorgestern\">Samstag: Benedikt Meyer, Plusquamperfekt: Kurioses von vorgestern<\/a> <\/strong><a href=\"https:\/\/kellertheater-lindenhof.ch\/content\/?event=samstag-benedikt-meyer-plusquamperfekt-kurioses-von-vorgestern\" style=\"float: right; padding-left: 10px; padding-bottom: 10px;\"><img loading=\"lazy\" decoding=\"async\" width=\"150\" height=\"150\" src=\"https:\/\/kellertheater-lindenhof.ch\/content\/wp-content\/uploads\/2026\/03\/benedikt-meyer-150x150.jpg\" class=\"attachment-150x150 size-150x150 wp-post-image\" alt=\"Samstag: Benedikt Meyer, Plusquamperfekt: Kurioses von vorgestern\" \/><\/a><br><p>Mit seinem \u00abHistorischen Kabarett\u00bb hat Benedikt Meyer ein neues Genre erfunden. Nun filousophiert der Historiker in \u00abPlusquamperfekt\u00bb mit feinem Schalk \u00fcber Wilhelm Tells Verwandlungen, unsere Liebe zum Automobil und unsere Obsession mit der Frage, wer in der Steinzeit eigentlich die H\u00f6hle aufger\u00e4umt hat. Mit dem Zeppelin geht\u2019s in poetische H\u00f6hen, Schmetterlinge ver\u00e4ndern die Welt und [&#8230;]<\/p>\n<p><\/em><a href=\"https:\/\/kellertheater-lindenhof.ch\/content\/?event=samstag-benedikt-meyer-plusquamperfekt-kurioses-von-vorgestern\">[Mehr erfahren | Buchen]<\/a>\n<p><em><strong>01.11.2026 ab 15:00 &#8211; <a href=\"https:\/\/kellertheater-lindenhof.ch\/content\/?event=sonntag-suuri-zuengli-kinderkonzert-dschunguelefantsie\">Sonntag: Suuri Z\u00fcngli - Kinderkonzert Dschunguelefantsie<\/a> <\/strong><a href=\"https:\/\/kellertheater-lindenhof.ch\/content\/?event=sonntag-suuri-zuengli-kinderkonzert-dschunguelefantsie\" style=\"float: right; padding-left: 10px; padding-bottom: 10px;\"><img loading=\"lazy\" decoding=\"async\" width=\"150\" height=\"150\" src=\"https:\/\/kellertheater-lindenhof.ch\/content\/wp-content\/uploads\/2026\/05\/Suuri-zuegnli-150x150.jpg\" class=\"attachment-150x150 size-150x150 wp-post-image\" alt=\"Sonntag: Suuri Z\u00fcngli - Kinderkonzert Dschunguelefantsie\" srcset=\"https:\/\/kellertheater-lindenhof.ch\/content\/wp-content\/uploads\/2026\/05\/Suuri-zuegnli-150x150.jpg 150w, https:\/\/kellertheater-lindenhof.ch\/content\/wp-content\/uploads\/2026\/05\/Suuri-zuegnli-300x300.jpg 300w, https:\/\/kellertheater-lindenhof.ch\/content\/wp-content\/uploads\/2026\/05\/Suuri-zuegnli.jpg 376w\" sizes=\"auto, (max-width: 150px) 100vw, 150px\" \/><\/a><br><p>&#8222;Hallo, coucou und willkomme, mir si Suuri Z\u00fcngli! Ch\u00f6met und touchet ih i \u00fcsi Lilaw\u00e4ut: Dert beg\u00e4gne \u00f6ich verr\u00fcckti Abent\u00fc\u00fcr, schr\u00e4ge Humor und fr\u00e4chi Ohrew\u00fcrmer zum Mitsinge. F\u00fcr neugierigi und tr\u00e4umendi Chind (u aui wo&#8217;s im H\u00e4rz ou no si) &#8230; und f\u00fcr aui andere!&#8220;<\/p>\n<p><\/em><a href=\"https:\/\/kellertheater-lindenhof.ch\/content\/?event=sonntag-suuri-zuengli-kinderkonzert-dschunguelefantsie\">[Mehr erfahren | Buchen]<\/a>\n<p><em><strong>13.11.2026 ab 20:00 &#8211; <a href=\"https:\/\/kellertheater-lindenhof.ch\/content\/?event=freitag-barbara-hutzenlaub-sprechstunde\">Freitag: Barbara Hutzenlaub - \u201eSprechstunde\u201c<\/a> <\/strong><a href=\"https:\/\/kellertheater-lindenhof.ch\/content\/?event=freitag-barbara-hutzenlaub-sprechstunde\" style=\"float: right; padding-left: 10px; padding-bottom: 10px;\"><img loading=\"lazy\" decoding=\"async\" width=\"150\" height=\"150\" src=\"https:\/\/kellertheater-lindenhof.ch\/content\/wp-content\/uploads\/2026\/03\/barbara-hutzenlaub-150x150.jpg\" class=\"attachment-150x150 size-150x150 wp-post-image\" alt=\"Freitag: Barbara Hutzenlaub - \u201eSprechstunde\u201c\" \/><\/a><br><p>Das Gesundheitswesen kr\u00e4nkelt. Ich kann helfen! Nach meinem Blitz-Studium finde ich zusammen mit meiner Sprechstundenhil-fe Coco Chantal f\u00fcr jede L\u00f6sung das passen-de Problem. Ich biete Gruppen-Therapien f\u00fcr Laktoseintolerante, Intervall-Singles und anonyme Zalando-Opfer. Weiter behandle ich Menschen mit zu kleinem Fussabdruck oder Comedy-Allergie. Meine Salsar\u00fcckf\u00fch-rungen sind legend\u00e4r. Guter Rat ist teuer? Nicht bei mir! Nach zwei [&#8230;]<\/p>\n<p><\/em><a href=\"https:\/\/kellertheater-lindenhof.ch\/content\/?event=freitag-barbara-hutzenlaub-sprechstunde\">[Mehr erfahren | Buchen]<\/a>\n<p><em><strong>05.12.2026 ab 20:00 &#8211; <a href=\"https:\/\/kellertheater-lindenhof.ch\/content\/?event=samstag-hart-auf-hart-sie-sagen-stopp\">Samstag: Hart auf Hart, Sie sagen Stopp<\/a> <\/strong><a href=\"https:\/\/kellertheater-lindenhof.ch\/content\/?event=samstag-hart-auf-hart-sie-sagen-stopp\" style=\"float: right; padding-left: 10px; padding-bottom: 10px;\"><img loading=\"lazy\" decoding=\"async\" width=\"150\" height=\"150\" src=\"https:\/\/kellertheater-lindenhof.ch\/content\/wp-content\/uploads\/2026\/03\/hart-auf-hart-150x150.jpg\" class=\"attachment-150x150 size-150x150 wp-post-image\" alt=\"Samstag: Hart auf Hart, Sie sagen Stopp\" \/><\/a><br><p>Ein Tag, zwei Menschen, zwei Mentalit\u00e4ten, ein Alltag. Autorin und Autor erz\u00e4hlen von tats\u00e4chlichen und unm\u00f6glichen Begegnungen. Er joggt forsch durch den Tag, er ist Schweizer. Sie sitzt zur\u00fcckhaltend im Wartezimmer, sie ist Deutsche. \u2013 Moment. Da stimmt was nicht\u2026 Egal. F\u00fcr sie und ihn wird es ein Streifzug durch menschliche Abgr\u00fcnde mit zuweilen geistigen [&#8230;]<\/p>\n<p><\/em><a href=\"https:\/\/kellertheater-lindenhof.ch\/content\/?event=samstag-hart-auf-hart-sie-sagen-stopp\">[Mehr erfahren | Buchen]<\/a>\n<p><em><strong>15.01.2027 ab 20:00 &#8211; <a href=\"https:\/\/kellertheater-lindenhof.ch\/content\/?event=freitag-schoengut-spielt-unter-freiem-himmel\">Freitag: sch\u00f6n&amp;gut spielt UNTER FREIEM HIMMEL<\/a> <\/strong><a href=\"https:\/\/kellertheater-lindenhof.ch\/content\/?event=freitag-schoengut-spielt-unter-freiem-himmel\" style=\"float: right; padding-left: 10px; padding-bottom: 10px;\"><img loading=\"lazy\" decoding=\"async\" width=\"150\" height=\"150\" src=\"https:\/\/kellertheater-lindenhof.ch\/content\/wp-content\/uploads\/2026\/05\/schoen-und-gut-150x150.jpg\" class=\"attachment-150x150 size-150x150 wp-post-image\" alt=\"Freitag: sch\u00f6n&amp;gut spielt UNTER FREIEM HIMMEL\" \/><\/a><br><p>Nur alle 50 Jahre wird in Grossh\u00f6chstetten das Freilichtspiel \u00abDie Blutbuche\u00bb aufgef\u00fchrt, und nur an einem Abend, denn am Ende des St\u00fccks wird der Baum gef\u00e4llt. Doch Regisseurin Frau Gut st\u00f6sst bald einmal an ihre Grenzen, denn Gemeindepr\u00e4sident Kellenberger l\u00e4sst sich nichts sagen, die Statisten Hans und Heiri sagen viel, aber immer das Falsche, und [&#8230;]<\/p>\n<p><\/em><a href=\"https:\/\/kellertheater-lindenhof.ch\/content\/?event=freitag-schoengut-spielt-unter-freiem-himmel\">[Mehr erfahren | Buchen]<\/a>\n<p><em><strong>24.01.2027 ab 17:00 &#8211; <a href=\"https:\/\/kellertheater-lindenhof.ch\/content\/?event=sonntag-lisa-catena-rolf-marti-mys-kaethi-schmoeckt-nach-schoggola\">Sonntag: Lisa Catena &amp; Rolf Marti, Mys K\u00e4thi schm\u00f6ckt nach Schoggola<\/a> <\/strong><a href=\"https:\/\/kellertheater-lindenhof.ch\/content\/?event=sonntag-lisa-catena-rolf-marti-mys-kaethi-schmoeckt-nach-schoggola\" style=\"float: right; padding-left: 10px; padding-bottom: 10px;\"><img loading=\"lazy\" decoding=\"async\" width=\"150\" height=\"150\" src=\"https:\/\/kellertheater-lindenhof.ch\/content\/wp-content\/uploads\/2026\/08\/Lisa-Catena-150x150.jpg\" class=\"attachment-150x150 size-150x150 wp-post-image\" alt=\"Sonntag: Lisa Catena &amp; Rolf Marti, Mys K\u00e4thi schm\u00f6ckt nach Schoggola\" \/><\/a><br><p>2026 w\u00e4re der Berner Troubadour Bernhard Stirnemann 90 Jahre alt geworden. \u00abBene\u00bb \u2013 wie ihn sein Umfeld nannte \u2013 gilt neben Mani Matter als Begr\u00fcnder des Berner Chansons. Wie Matter war er inspiriert vom franz\u00f6sischen Chanson. In den 1960er-Jahren verhalfen beide dem Berner Chanson zu seiner heutigen Popularit\u00e4t.<\/p>\n<p><\/em><a href=\"https:\/\/kellertheater-lindenhof.ch\/content\/?event=sonntag-lisa-catena-rolf-marti-mys-kaethi-schmoeckt-nach-schoggola\">[Mehr erfahren | Buchen]<\/a>\n<p><em><strong>20.02.2027 ab 20:00 &#8211; <a href=\"https:\/\/kellertheater-lindenhof.ch\/content\/?event=samstag-trummer-ir-brandig-duo-mit-ursina\">Samstag: TRUMMER Ir Brandig - Duo mit Ursina<\/a> <\/strong><a href=\"https:\/\/kellertheater-lindenhof.ch\/content\/?event=samstag-trummer-ir-brandig-duo-mit-ursina\" style=\"float: right; padding-left: 10px; padding-bottom: 10px;\"><img loading=\"lazy\" decoding=\"async\" width=\"150\" height=\"150\" src=\"https:\/\/kellertheater-lindenhof.ch\/content\/wp-content\/uploads\/2026\/05\/Trummer_Werbung-150x150.jpg\" class=\"attachment-150x150 size-150x150 wp-post-image\" alt=\"Samstag: TRUMMER Ir Brandig - Duo mit Ursina\" \/><\/a><br><p>Aus der Mitte des Lebens wirft Trummer mit seinen Gastmusiker:innen und dem Publikum einen Blick zur\u00fcck auf das, was pr\u00e4gend war &#8211; Herkunft, Suche, Liebe. Und einen Blick nach vorn &#8211; worauf wird es ankommen, was kann uns (wieder mehr) verbinden? Die neuen Lieder kommen vers\u00f6hnlich, warm(herzig) und lebendig auf die Kan\u00e4le und B\u00fchnen \u2013 [&#8230;]<\/p>\n<p><\/em><a href=\"https:\/\/kellertheater-lindenhof.ch\/content\/?event=samstag-trummer-ir-brandig-duo-mit-ursina\">[Mehr erfahren | Buchen]<\/a>\n<p><em><strong>06.03.2027 ab 20:00 &#8211; <a href=\"https:\/\/kellertheater-lindenhof.ch\/content\/?event=samstag-pesche-heiniger-drus-und-daenne-spoken-word-und-songs-2\">Samstag: Pesche Heiniger, Drus und d\u00e4nne, Spoken Word und Songs<\/a> <\/strong><a href=\"https:\/\/kellertheater-lindenhof.ch\/content\/?event=samstag-pesche-heiniger-drus-und-daenne-spoken-word-und-songs-2\" style=\"float: right; padding-left: 10px; padding-bottom: 10px;\"><img loading=\"lazy\" decoding=\"async\" width=\"150\" height=\"150\" src=\"https:\/\/kellertheater-lindenhof.ch\/content\/wp-content\/uploads\/2026\/05\/Heiniger-150x150.jpg\" class=\"attachment-150x150 size-150x150 wp-post-image\" alt=\"Samstag: Pesche Heiniger, Drus und d\u00e4nne, Spoken Word und Songs\" \/><\/a><br><p>Mit drus u d\u00e4nne pr\u00e4sentiert Pesche Heiniger sein erstes abendf\u00fcllendes Soloprogramm. Eine Hommage ans Fernweh und eine Liebeserkl\u00e4rung ans Zuhausebleiben. Eine abwechslungsreiche Reise aus Spoken Word, Slam Poetry und Songs. Unterhaltsam, \u00fcberraschend und ganz sicher gut f\u00fcrs Gem\u00fct.<\/p>\n<p><\/em><a href=\"https:\/\/kellertheater-lindenhof.ch\/content\/?event=samstag-pesche-heiniger-drus-und-daenne-spoken-word-und-songs-2\">[Mehr erfahren | Buchen]<\/a>\n<p><em><strong>07.03.2027 ab 15:00 &#8211; <a href=\"https:\/\/kellertheater-lindenhof.ch\/content\/?event=samstag-pesche-heiniger-drus-und-daenne-spoken-word-und-songs\">Sonntag: Prinzessin, B\u00e4r und Waldgeist - Mitmach - Theater<\/a> <\/strong><a href=\"https:\/\/kellertheater-lindenhof.ch\/content\/?event=samstag-pesche-heiniger-drus-und-daenne-spoken-word-und-songs\" style=\"float: right; padding-left: 10px; padding-bottom: 10px;\"><img loading=\"lazy\" decoding=\"async\" width=\"150\" height=\"150\" src=\"https:\/\/kellertheater-lindenhof.ch\/content\/wp-content\/uploads\/2026\/05\/Prinzessin-Baer-und-Wldgeist-Mitmach-150x150.png\" class=\"attachment-150x150 size-150x150 wp-post-image\" alt=\"Sonntag: Prinzessin, B\u00e4r und Waldgeist - Mitmach - Theater\" \/><\/a><br><p>Was ist los im M\u00e4rchenwald? B\u00e4ren spielen mit Prinzessinnen, Helden werden zu Pudeln und die Hexe macht ein Schl\u00e4fchen. Da haben die Kinder einiges zu tun! Sie schl\u00fcpfen in verschiedene Rollen und erleben im Zusammenspiel mit zwei Schauspielerinnen Abenteuer um Abenteuer.<\/p>\n<p><\/em><a href=\"https:\/\/kellertheater-lindenhof.ch\/content\/?event=samstag-pesche-heiniger-drus-und-daenne-spoken-word-und-songs\">[Mehr erfahren | Buchen]<\/a>\n<p><em><strong>20.03.2027 ab 20:00 &#8211; <a href=\"https:\/\/kellertheater-lindenhof.ch\/content\/?event=samstag-michel-gammenthaler-impossible-2\">Samstag: Michel Gammenthaler, IMPOSSIBLE<\/a> <\/strong><a href=\"https:\/\/kellertheater-lindenhof.ch\/content\/?event=samstag-michel-gammenthaler-impossible-2\" style=\"float: right; padding-left: 10px; padding-bottom: 10px;\"><img loading=\"lazy\" decoding=\"async\" width=\"150\" height=\"150\" src=\"https:\/\/kellertheater-lindenhof.ch\/content\/wp-content\/uploads\/2026\/05\/Gammenthaler-Impossible-150x150.jpg\" class=\"attachment-150x150 size-150x150 wp-post-image\" alt=\"Samstag: Michel Gammenthaler, IMPOSSIBLE\" \/><\/a><br><p>Michel Gammenthaler ist gern gesehener Gast in Comedy-Mixed-Shows, am Arosa Humorfestival oder an den Oltner Kabaretttagen. Ab September 2025 ist er mit seinem neuesten Soloprogramm unterwegs: IMPOSSIBLE Comedy &#038; Tricks. Ein be\u00e4ngstigend mitreissender Mix aus Comedy, Zauberei &#038; Publikumsinteraktionen. Der dank seiner SRF Sendung Comedy aus dem Labor bekannte Preistr\u00e4ger des Salzburger Stiers und zahlreicher [&#8230;]<\/p>\n<p><\/em><a href=\"https:\/\/kellertheater-lindenhof.ch\/content\/?event=samstag-michel-gammenthaler-impossible-2\">[Mehr erfahren | Buchen]<\/a>\n<p><em><strong>02.04.2027 ab 20:00 &#8211; <a href=\"https:\/\/kellertheater-lindenhof.ch\/content\/?event=samstag-michel-gammenthaler-impossible\">Freitag: Uta K\u00f6bernick - K\u00d6BERNICK geht\u2019s ruhig an<\/a> <\/strong><a href=\"https:\/\/kellertheater-lindenhof.ch\/content\/?event=samstag-michel-gammenthaler-impossible\" style=\"float: right; padding-left: 10px; padding-bottom: 10px;\"><img loading=\"lazy\" decoding=\"async\" width=\"150\" height=\"150\" src=\"https:\/\/kellertheater-lindenhof.ch\/content\/wp-content\/uploads\/2026\/05\/Koebernick-150x150.png\" class=\"attachment-150x150 size-150x150 wp-post-image\" alt=\"Freitag: Uta K\u00f6bernick - K\u00d6BERNICK geht\u2019s ruhig an\" \/><\/a><br><p>Mit Liedern und Texten, wie frisch aus dem Bett gestiegen schlafwandelt Uta K\u00f6bernick sicher zwischen Privat- und B\u00fchnenperson. Begleitet von Kaffeetasse und Thermoskanne beobachtet sie den Zeitgeist und andere Gespenster. Von den Auszeichnungen und Preisen der letzten Jahre l\u00e4sst sie sich nicht aufhalten. Mit einem fr\u00f6hlichen \u201eIch bin ausgetr\u00e4umt\u201c schaltet sie den Wecker im Kopf [&#8230;]<\/p>\n<p><\/em><a href=\"https:\/\/kellertheater-lindenhof.ch\/content\/?event=samstag-michel-gammenthaler-impossible\">[Mehr erfahren | Buchen]<\/a>\n<p><em><strong>\t<\/div>\r\n<\/div> <\/strong><\/em>\n<p>&nbsp;<\/p>\n","protected":false},"excerpt":{"rendered":"<p>&nbsp;<\/p>\n","protected":false},"author":8,"featured_media":0,"parent":4,"menu_order":0,"comment_status":"closed","ping_status":"closed","template":"","meta":{"footnotes":"","_members_access_role":[],"_members_access_error":""},"class_list":["post-2515","page","type-page","status-publish","hentry"],"_links":{"self":[{"href":"https:\/\/kellertheater-lindenhof.ch\/content\/index.php?rest_route=\/wp\/v2\/pages\/2515","targetHints":{"allow":["GET"]}}],"collection":[{"href":"https:\/\/kellertheater-lindenhof.ch\/content\/index.php?rest_route=\/wp\/v2\/pages"}],"about":[{"href":"https:\/\/kellertheater-lindenhof.ch\/content\/index.php?rest_route=\/wp\/v2\/types\/page"}],"author":[{"embeddable":true,"href":"https:\/\/kellertheater-lindenhof.ch\/content\/index.php?rest_route=\/wp\/v2\/users\/8"}],"replies":[{"embeddable":true,"href":"https:\/\/kellertheater-lindenhof.ch\/content\/index.php?rest_route=%2Fwp%2Fv2%2Fcomments&post=2515"}],"version-history":[{"count":62,"href":"https:\/\/kellertheater-lindenhof.ch\/content\/index.php?rest_route=\/wp\/v2\/pages\/2515\/revisions"}],"predecessor-version":[{"id":4022,"href":"https:\/\/kellertheater-lindenhof.ch\/content\/index.php?rest_route=\/wp\/v2\/pages\/2515\/revisions\/4022"}],"up":[{"embeddable":true,"href":"https:\/\/kellertheater-lindenhof.ch\/content\/index.php?rest_route=\/wp\/v2\/pages\/4"}],"wp:attachment":[{"href":"https:\/\/kellertheater-lindenhof.ch\/content\/index.php?rest_route=%2Fwp%2Fv2%2Fmedia&parent=2515"}],"curies":[{"name":"wp","href":"https:\/\/api.w.org\/{rel}","templated":true}]}}